{"id":151,"date":"2026-08-14T04:41:11","date_gmt":"2026-08-14T04:41:11","guid":{"rendered":"https:\/\/dev.caramujosvoadores.com.br\/sidneycruz\/?page_id=151"},"modified":"2026-09-03T13:36:40","modified_gmt":"2026-09-03T13:36:40","slug":"minha-jornada","status":"publish","type":"page","link":"https:\/\/drsidneycruz.com.br\/?page_id=151","title":{"rendered":"Minha Jornada"},"content":{"rendered":"\t\t<div data-elementor-type=\"wp-page\" data-elementor-id=\"151\" class=\"elementor elementor-151\" data-elementor-post-type=\"page\">\n\t\t\t\t<div class=\"elementor-element elementor-element-a1fad0a e-flex e-con-boxed e-con e-parent\" data-id=\"a1fad0a\" data-element_type=\"container\" data-e-type=\"container\" data-settings=\"{&quot;background_background&quot;:&quot;classic&quot;}\">\n\t\t\t\t\t<div class=\"e-con-inner\">\n\t\t\t\t<div class=\"elementor-element elementor-element-36b5661 elementor-widget elementor-widget-heading\" data-id=\"36b5661\" data-element_type=\"widget\" data-e-type=\"widget\" data-widget_type=\"heading.default\">\n\t\t\t\t\t<h2 class=\"elementor-heading-title elementor-size-default\">Minha Trajet\u00f3ria<\/h2>\t\t\t\t<\/div>\n\t\t\t\t\t<\/div>\n\t\t\t\t<\/div>\n\t\t<div class=\"elementor-element elementor-element-d6f4372 e-con-full e-flex e-con e-parent\" data-id=\"d6f4372\" data-element_type=\"container\" data-e-type=\"container\">\n\t\t\t\t<div class=\"elementor-element elementor-element-e6ceb62 elementor-widget elementor-widget-html\" data-id=\"e6ceb62\" data-element_type=\"widget\" data-e-type=\"widget\" data-widget_type=\"html.default\">\n\t\t\t\t\t<style>\r\n  \/* Container Principal da Linha do Tempo *\/\r\n  .sc-timeline-horizontal {\r\n    font-family: inherit;\r\n    max-width: 900px;\r\n    margin: 40px auto;\r\n    padding: 0 20px;\r\n    color: #333;\r\n  }\r\n\r\n  \/* Bloco individual de cada Ano *\/\r\n  .sc-timeline-item {\r\n    position: relative;\r\n    padding-left: 40px; \r\n    margin-bottom: 50px;\r\n  }\r\n\r\n  \/* Linha cont\u00ednua \u00e0 esquerda *\/\r\n  .sc-timeline-item::before {\r\n    content: '';\r\n    position: absolute;\r\n    left: 9px;\r\n    top: 0;\r\n    bottom: -50px;\r\n    width: 4px;\r\n    background-color: #004691; \r\n    border-radius: 4px;\r\n  }\r\n\r\n  .sc-timeline-item:last-child::before {\r\n    bottom: 0;\r\n  }\r\n\r\n  \/* Bolinha Marcadora do Ano *\/\r\n  .sc-timeline-item::after {\r\n    content: '';\r\n    position: absolute;\r\n    left: 0;\r\n    top: 0;\r\n    width: 22px;\r\n    height: 22px;\r\n    background-color: #FF6B00; \r\n    border: 4px solid #fff;\r\n    border-radius: 50%;\r\n    box-shadow: 0 2px 6px rgba(0,0,0,0.15);\r\n  }\r\n\r\n  \/* Estilos do Texto *\/\r\n  .sc-timeline-header {\r\n    display: flex;\r\n    align-items: center;\r\n    margin-bottom: 10px;\r\n    margin-top: -3px; \r\n  }\r\n\r\n  .sc-timeline-year {\r\n    font-size: 1.4rem;\r\n    font-weight: 800;\r\n    color: #004691;\r\n    text-transform: uppercase;\r\n  }\r\n\r\n  .sc-timeline-desc {\r\n    font-size: 1.05rem;\r\n    line-height: 1.6;\r\n    color: #4A5568;\r\n    margin-bottom: 20px;\r\n    max-width: 700px;\r\n  }\r\n\r\n  \/* Container Horizontal das Fotos (Carrossel Nativo) *\/\r\n  .sc-photo-row {\r\n    display: flex;\r\n    gap: 15px;\r\n    overflow-x: auto;\r\n    padding-bottom: 15px;\r\n    scroll-snap-type: x mandatory;\r\n    scroll-behavior: smooth;\r\n    -webkit-overflow-scrolling: touch;\r\n  }\r\n\r\n  .sc-photo-row::-webkit-scrollbar {\r\n    height: 8px;\r\n  }\r\n  .sc-photo-row::-webkit-scrollbar-track {\r\n    background: #f1f5f9;\r\n    border-radius: 10px;\r\n  }\r\n  .sc-photo-row::-webkit-scrollbar-thumb {\r\n    background: #cbd5e1;\r\n    border-radius: 10px;\r\n  }\r\n  .sc-photo-row:hover::-webkit-scrollbar-thumb {\r\n    background: #004691;\r\n  }\r\n\r\n  \/* Estilo das Fotos em Destaque *\/\r\n  .sc-photo-row img {\r\n    flex: 0 0 auto;\r\n    height: 220px; \r\n    min-width: 280px;\r\n    object-fit: cover;\r\n    border-radius: 12px;\r\n    scroll-snap-align: start;\r\n    box-shadow: 0 4px 12px rgba(0,0,0,0.1);\r\n    border: 1px solid #e2e8f0;\r\n    transition: transform 0.3s ease;\r\n  }\r\n\r\n  .sc-photo-row img:hover {\r\n    transform: translateY(-3px);\r\n    box-shadow: 0 8px 20px rgba(0, 70, 145, 0.2);\r\n  }\r\n\r\n  @media screen and (max-width: 768px) {\r\n    .sc-timeline-item {\r\n      padding-left: 30px;\r\n    }\r\n    .sc-timeline-item::before {\r\n      left: 7px;\r\n    }\r\n    .sc-timeline-item::after {\r\n      width: 18px;\r\n      height: 18px;\r\n    }\r\n    .sc-photo-row img {\r\n      height: 180px; \r\n      min-width: 240px;\r\n    }\r\n  }\r\n<\/style>\r\n\r\n<div class=\"sc-timeline-horizontal\">\r\n\r\n  <!-- ITEM 1 -->\r\n  <div class=\"sc-timeline-item\">\r\n    <div class=\"sc-timeline-header\"><span class=\"sc-timeline-year\">Trajet\u00f3ria<\/span><\/div>\r\n    <p class=\"sc-timeline-desc\">Filho de nordestinos, Sidney Cruz nasceu e foi criado na regi\u00e3o da Pedreira, na periferia do extremo sul da cidade de S\u00e3o Paulo.<\/p>\r\n    <div class=\"sc-photo-row\">\r\n      <img decoding=\"async\" src=\"https:\/\/drive.google.com\/thumbnail?id=1WbOlVDQ1ZjyGwkfX8WsRZvsA6HYeuze6&sz=w800\" alt=\"Hist\u00f3ria Sidney Cruz\">\r\n      <img decoding=\"async\" src=\"https:\/\/drive.google.com\/thumbnail?id=1P_8UuXMiuS8dHMYv2H3soxaY-h1vtKTs&sz=w800\" alt=\"Hist\u00f3ria Sidney Cruz\">\r\n      <img decoding=\"async\" src=\"https:\/\/drive.google.com\/thumbnail?id=10Ab8AtEJp6fBw8my2HN89bNRNFqw8OnB&sz=w800\" alt=\"Hist\u00f3ria Sidney Cruz\">\r\n    <\/div>\r\n  <\/div>\r\n\r\n  <!-- ITEM 2 -->\r\n  <div class=\"sc-timeline-item\">\r\n    <div class=\"sc-timeline-header\"><span class=\"sc-timeline-year\">2003<\/span><\/div>\r\n    <p class=\"sc-timeline-desc\">Com muito esfor\u00e7o e dedica\u00e7\u00e3o, formou-se em Direito e tornou-se advogado.<\/p>\r\n    <div class=\"sc-photo-row\">\r\n      <img decoding=\"async\" src=\"https:\/\/drive.google.com\/thumbnail?id=1VuJsHSgUj14SPAJUQm2de1Qc3T51LXNj&sz=w800\" alt=\"Formatura Direito\">\r\n      <img decoding=\"async\" src=\"https:\/\/drive.google.com\/thumbnail?id=1Il8fcrflamiccrDM0WVGyB_zBVphC-7n&sz=w800\" alt=\"Atua\u00e7\u00e3o Advogado\">\r\n    <\/div>\r\n  <\/div>\r\n\r\n  <!-- ITEM 3 -->\r\n  <div class=\"sc-timeline-item\">\r\n    <div class=\"sc-timeline-header\"><span class=\"sc-timeline-year\">In\u00edcio da Atua\u00e7\u00e3o<\/span><\/div>\r\n    <p class=\"sc-timeline-desc\">Como advogado, encaminhou por meio de liminares, mais de 700 crian\u00e7as para vagas em creches.<\/p>\r\n    <div class=\"sc-photo-row\">\r\n      <img decoding=\"async\" src=\"https:\/\/drive.google.com\/thumbnail?id=1Ier2MVH2FzVgMeWwEz2T9SCSi857941d&sz=w800\" alt=\"Defesa Educa\u00e7\u00e3o\">\r\n      <img decoding=\"async\" src=\"https:\/\/drive.google.com\/thumbnail?id=1NzxKknDUuzKmCLx0ni5-8M4Gg3lghUGZ&sz=w800\" alt=\"Defesa Educa\u00e7\u00e3o\">\r\n    <\/div>\r\n  <\/div>\r\n\r\n  <!-- ITEM 4 -->\r\n  <div class=\"sc-timeline-item\">\r\n    <div class=\"sc-timeline-header\"><span class=\"sc-timeline-year\">Inspira\u00e7\u00e3o<\/span><\/div>\r\n    <p class=\"sc-timeline-desc\">Ministrou palestras em escolas p\u00fablicas e na Funda\u00e7\u00e3o CASA, compartilhando sua hist\u00f3ria de supera\u00e7\u00e3o e o poder transformador da educa\u00e7\u00e3o.<\/p>\r\n    <div class=\"sc-photo-row\">\r\n      <img decoding=\"async\" src=\"https:\/\/drive.google.com\/thumbnail?id=1kNScvFCu3VxAP9o3MiRKWjxNTH59--nX&sz=w800\" alt=\"Palestra Funda\u00e7\u00e3o Casa\">\r\n      <img decoding=\"async\" src=\"https:\/\/drive.google.com\/thumbnail?id=1OxEVbUpK85lQ_EA-TG4mF3l-7hK8kTxP&sz=w800\" alt=\"Palestra Funda\u00e7\u00e3o Casa\">\r\n      <img decoding=\"async\" src=\"https:\/\/drive.google.com\/thumbnail?id=1twKvx9iH9RB7AVVB82tflIQ3A3l0IJrO&sz=w800\" alt=\"Palestra Funda\u00e7\u00e3o Casa\">\r\n      <img decoding=\"async\" src=\"https:\/\/drive.google.com\/thumbnail?id=1hEBy3jRNUCF5fA2k8a-J9_oozc7_n29Q&sz=w800\" alt=\"Palestra Funda\u00e7\u00e3o Casa\">\r\n    <\/div>\r\n  <\/div>\r\n\r\n  <!-- ITEM 5 -->\r\n  <div class=\"sc-timeline-item\">\r\n    <div class=\"sc-timeline-header\"><span class=\"sc-timeline-year\">2016<\/span><\/div>\r\n    <p class=\"sc-timeline-desc\">Candidato a vereador pela 1\u00aa vez, obteve 11.083 votos.<\/p>\r\n    <div class=\"sc-photo-row\">\r\n      <img decoding=\"async\" src=\"https:\/\/drive.google.com\/thumbnail?id=1IUreUUlh2poAgucwbx_yp16a0k4V4Z4Z&sz=w800\" alt=\"Campanha 2016\">\r\n      <img decoding=\"async\" src=\"https:\/\/drive.google.com\/thumbnail?id=1IVHFoy443g17oPCxtzkNLltUO6QCuVfE&sz=w800\" alt=\"Campanha 2016\">\r\n      <img decoding=\"async\" src=\"https:\/\/drive.google.com\/thumbnail?id=1v-3fg1Ykoms3DiF6kDNkHfrbtwTDZ63a&sz=w800\" alt=\"Campanha 2016\">\r\n      <img decoding=\"async\" src=\"https:\/\/drive.google.com\/thumbnail?id=1rbA1LpAwShyRQgTdFt307-nxpr2yDLtS&sz=w800\" alt=\"Campanha 2016\">\r\n      <img decoding=\"async\" src=\"https:\/\/drive.google.com\/thumbnail?id=1Lk6XdaJNb8ZFGTH80DYnBit7Pa8FCGPF&sz=w800\" alt=\"Campanha 2016\">\r\n    <\/div>\r\n  <\/div>\r\n\r\n  <!-- ITEM 6 -->\r\n  <div class=\"sc-timeline-item\">\r\n    <div class=\"sc-timeline-header\"><span class=\"sc-timeline-year\">2017<\/span><\/div>\r\n    <p class=\"sc-timeline-desc\">Como Diretor Regional da Secretaria do Emprego e Rela\u00e7\u00f5es do Trabalho, contribuiu para a qualifica\u00e7\u00e3o de mais de 6 mil jovens por meio do Programa Estadual de Qualifica\u00e7\u00e3o (PEQ).<\/p>\r\n    <div class=\"sc-photo-row\">\r\n      <img decoding=\"async\" src=\"https:\/\/drive.google.com\/thumbnail?id=1IK8SBpycfKMgrqmtv5MlnRv2sBYFYbYK&sz=w800\" alt=\"Secretaria Emprego\">\r\n      <img decoding=\"async\" src=\"https:\/\/drive.google.com\/thumbnail?id=1J_Sfgj3ePkklLXJfESkT8kOFcDeMCgmA&sz=w800\" alt=\"Secretaria Emprego\">\r\n      <img decoding=\"async\" src=\"https:\/\/drive.google.com\/thumbnail?id=1OXodKZ9mKdK2qqeUaCH4nZpQ8LnaiwjA&sz=w800\" alt=\"Secretaria Emprego\">\r\n    <\/div>\r\n  <\/div>\r\n\r\n  <!-- ITEM 7 -->\r\n  <div class=\"sc-timeline-item\">\r\n    <div class=\"sc-timeline-header\"><span class=\"sc-timeline-year\">2018<\/span><\/div>\r\n    <p class=\"sc-timeline-desc\">Candidatou-se a deputado estadual e recebeu 19.675 votos.<\/p>\r\n    <div class=\"sc-photo-row\">\r\n      <img decoding=\"async\" src=\"https:\/\/drive.google.com\/thumbnail?id=1QjcjOjYyN4oKIBsJO8KhG2Jop_FiMCJR&sz=w800\" alt=\"Campanha 2018\">\r\n      <img decoding=\"async\" src=\"https:\/\/drive.google.com\/thumbnail?id=10fSu3tOQS8cLA1_uSGSjtmMIqMhwjNTP&sz=w800\" alt=\"Campanha 2018\">\r\n      <img decoding=\"async\" src=\"https:\/\/drive.google.com\/thumbnail?id=1jFGiLO-9cTmAiKyEsfdD2ftIfkduwR44&sz=w800\" alt=\"Campanha 2018\">\r\n    <\/div>\r\n  <\/div>\r\n\r\n  <!-- ITEM 8 -->\r\n  <div class=\"sc-timeline-item\">\r\n    <div class=\"sc-timeline-header\"><span class=\"sc-timeline-year\">2019<\/span><\/div>\r\n    <p class=\"sc-timeline-desc\">Assumiu como chefe de gabinete a Subprefeitura Santana\/Tucuruvi.<\/p>\r\n    <div class=\"sc-photo-row\">\r\n      <img decoding=\"async\" src=\"https:\/\/drive.google.com\/thumbnail?id=1I_tOKudS2mc9kEc_T0mQpomMGBPGD1XY&sz=w800\" alt=\"Subprefeitura Santana\">\r\n      <img decoding=\"async\" src=\"https:\/\/drive.google.com\/thumbnail?id=1Idqn_b3SlhKRGJ9p3Kq6VjFjshX7APBf&sz=w800\" alt=\"Subprefeitura Santana\">\r\n    <\/div>\r\n  <\/div>\r\n\r\n  <!-- ITEM 9 -->\r\n  <div class=\"sc-timeline-item\">\r\n    <div class=\"sc-timeline-header\"><span class=\"sc-timeline-year\">2020<\/span><\/div>\r\n    <p class=\"sc-timeline-desc\">Durante a pandemia da Covid-19, lan\u00e7ou a campanha Drive-Thru Contra a Fome, com a distribui\u00e7\u00e3o de cestas b\u00e1sicas, m\u00e1scaras e \u00e1lcool em gel.<\/p>\r\n    <div class=\"sc-photo-row\">\r\n      <img decoding=\"async\" src=\"https:\/\/drive.google.com\/thumbnail?id=1az5G7ma-pnyMJThhrKzn14OEaPPeSZzB&sz=w800\" alt=\"A\u00e7\u00e3o Pandemia\">\r\n      <img decoding=\"async\" src=\"https:\/\/drive.google.com\/thumbnail?id=18f_WfHCnPU0qmI57md5TyUtpvGeZTvey&sz=w800\" alt=\"A\u00e7\u00e3o Pandemia\">\r\n      <img decoding=\"async\" src=\"https:\/\/drive.google.com\/thumbnail?id=1bvcQBpEP11QIIxh-T2HroWEQqZ29UTW0&sz=w800\" alt=\"A\u00e7\u00e3o Pandemia\">\r\n      <img decoding=\"async\" src=\"https:\/\/drive.google.com\/thumbnail?id=1slDyiOdWAdlJ_RGIGPEQnDmmLbadxTIf&sz=w800\" alt=\"A\u00e7\u00e3o Pandemia\">\r\n      <img decoding=\"async\" src=\"https:\/\/drive.google.com\/thumbnail?id=1eoG4LLFKQBUHwoVungc-qgU7WHr6MFXR&sz=w800\" alt=\"A\u00e7\u00e3o Pandemia\">\r\n    <\/div>\r\n  <\/div>\r\n\r\n  <!-- ITEM 10 -->\r\n  <div class=\"sc-timeline-item\">\r\n    <div class=\"sc-timeline-header\"><span class=\"sc-timeline-year\">2020<\/span><\/div>\r\n    <p class=\"sc-timeline-desc\">Disputou novamente uma vaga na C\u00e2mara Municipal de S\u00e3o Paulo.<\/p>\r\n    <div class=\"sc-photo-row\">\r\n      <img decoding=\"async\" src=\"https:\/\/drive.google.com\/thumbnail?id=1KC87LpLdZ2Lo9quumDkVuOjT6MF8oWnu&sz=w800\" alt=\"Campanha 2020\">\r\n      <img decoding=\"async\" src=\"https:\/\/drive.google.com\/thumbnail?id=1ao8J46CK9VjbZEwaeSP7HYmn4iV4FHhO&sz=w800\" alt=\"Campanha 2020\">\r\n      <img decoding=\"async\" src=\"https:\/\/drive.google.com\/thumbnail?id=1IGf-FoyRcZF87rjllDTAOepM3bPqQfwL&sz=w800\" alt=\"Campanha 2020\">\r\n      <img decoding=\"async\" src=\"https:\/\/drive.google.com\/thumbnail?id=1TeMJPRG-Y1T-CyEERLPVHLJ6kClk1mrO&sz=w800\" alt=\"Campanha 2020\">\r\n    <\/div>\r\n  <\/div>\r\n\r\n  <!-- ITEM 11 -->\r\n  <div class=\"sc-timeline-item\">\r\n    <div class=\"sc-timeline-header\"><span class=\"sc-timeline-year\">2021<\/span><\/div>\r\n    <p class=\"sc-timeline-desc\">Eleito vereador com 17.899 votos.<\/p>\r\n    <div class=\"sc-photo-row\">\r\n      <img decoding=\"async\" src=\"https:\/\/drive.google.com\/thumbnail?id=1ry1wbdQkJQAw4PeJ9ixHyMx_KFzD0Taj&sz=w800\" alt=\"Eleito Vereador\">\r\n      <img decoding=\"async\" src=\"https:\/\/drive.google.com\/thumbnail?id=1X2begJat3xR4U2LgMpp1Fbo1sROIXNqH&sz=w800\" alt=\"Posse\">\r\n      <img decoding=\"async\" src=\"https:\/\/drive.google.com\/thumbnail?id=1FTjelwnBH2Ohb5GLLsRyVSCogDQaLkcf&sz=w800\" alt=\"Posse\">\r\n      <img decoding=\"async\" src=\"https:\/\/drive.google.com\/thumbnail?id=16QECkeYZEA1YO2upyZPWWM449rPev3VI&sz=w800\" alt=\"Trabalho C\u00e2mara\">\r\n    <\/div>\r\n  <\/div>\r\n\r\n  <!-- ITEM 12 -->\r\n  <div class=\"sc-timeline-item\">\r\n    <div class=\"sc-timeline-header\"><span class=\"sc-timeline-year\">2021<\/span><\/div>\r\n    <p class=\"sc-timeline-desc\">Criou o projeto Agir e Transformar, que promove a transforma\u00e7\u00e3o de vidas por meio do esporte, da cultura e da educa\u00e7\u00e3o.<\/p>\r\n    <div class=\"sc-photo-row\">\r\n      <img decoding=\"async\" src=\"https:\/\/drive.google.com\/thumbnail?id=1ZjtpzxBz1ElT1FNewIFDRcpMT85gHn1J&sz=w800\" alt=\"Agir e Transformar\">\r\n      <img decoding=\"async\" src=\"https:\/\/drive.google.com\/thumbnail?id=1qUm-_ohXBnoPWWTRmoiFd-G9PNB-dpVB&sz=w800\" alt=\"Agir e Transformar\">\r\n      <img decoding=\"async\" src=\"https:\/\/drive.google.com\/thumbnail?id=13mxkG_ol9RjUx6oMNLT9oXcPEQ372J44&sz=w800\" alt=\"Agir e Transformar\">\r\n      <img decoding=\"async\" src=\"https:\/\/drive.google.com\/thumbnail?id=1xX2IBkVVrpyiBWSY852e2Q0TDy8DXoHZ&sz=w800\" alt=\"Agir e Transformar\">\r\n    <\/div>\r\n  <\/div>\r\n\r\n  <!-- ITEM 13 -->\r\n  <div class=\"sc-timeline-item\">\r\n    <div class=\"sc-timeline-header\"><span class=\"sc-timeline-year\">2021 - 2024<\/span><\/div>\r\n    <p class=\"sc-timeline-desc\">Construiu um mandato participativo, ouvindo a popula\u00e7\u00e3o e contribuindo para pautas de interesse da cidade. Foi relator do Or\u00e7amento Municipal por tr\u00eas anos consecutivos (2022, 2023 e 2024) e participou na constru\u00e7\u00e3o do programa Doming\u00e3o Tarifa Zero em 2023.<\/p>\r\n    <div class=\"sc-photo-row\">\r\n      <img decoding=\"async\" src=\"https:\/\/drive.google.com\/thumbnail?id=1Cmk7MTtKin9Y6chTwxdFOpEiwNKSZwlc&sz=w800\" alt=\"Mandato\">\r\n      <img decoding=\"async\" src=\"https:\/\/drive.google.com\/thumbnail?id=1GnamFBvWNy2-uQ5olsS9BQSdPdOWHMBR&sz=w800\" alt=\"Mandato\">\r\n      <img decoding=\"async\" src=\"https:\/\/drive.google.com\/thumbnail?id=1HDisRQFJvQOCUFw9Rg6hPxG8BUQ7BoA0&sz=w800\" alt=\"Or\u00e7amento\">\r\n      <img decoding=\"async\" src=\"https:\/\/drive.google.com\/thumbnail?id=112EjDN9Z78Ww5eWbfo05ZjJdQwxFQdN1&sz=w800\" alt=\"Or\u00e7amento\">\r\n      <img decoding=\"async\" src=\"https:\/\/drive.google.com\/thumbnail?id=17qGShAQfISA8hbBopP1tcwuclZPzIAPP&sz=w800\" alt=\"Or\u00e7amento\">\r\n      <img decoding=\"async\" src=\"https:\/\/drive.google.com\/thumbnail?id=1FaOLdSzZGsTCHOWgdfI90YI5NK5xrZ0d&sz=w800\" alt=\"Or\u00e7amento\">\r\n      <img decoding=\"async\" src=\"https:\/\/drive.google.com\/thumbnail?id=14l9ThzAG3hZW6T54Cc_W93kN9n6rxVU5&sz=w800\" alt=\"Tarifa Zero\">\r\n      <img decoding=\"async\" src=\"https:\/\/drive.google.com\/thumbnail?id=1pU-PAoLlLCYFVFJmkVCuVBr5EMfpQDla&sz=w800\" alt=\"Tarifa Zero\">\r\n      <img decoding=\"async\" src=\"https:\/\/drive.google.com\/thumbnail?id=195cKzLDAqRa_BZ5TNPD2UrNZt_BSj5BG&sz=w800\" alt=\"Tarifa Zero\">\r\n    <\/div>\r\n  <\/div>\r\n\r\n  <!-- ITEM 14 -->\r\n  <div class=\"sc-timeline-item\">\r\n    <div class=\"sc-timeline-header\"><span class=\"sc-timeline-year\">2024<\/span><\/div>\r\n    <p class=\"sc-timeline-desc\">Foi reeleito pelo MDB com 42.988 votos, sendo o 2\u00ba vereador mais votado do partido.<\/p>\r\n    <div class=\"sc-photo-row\">\r\n      <img decoding=\"async\" src=\"https:\/\/drive.google.com\/thumbnail?id=1S5pxeRrP9goiKGaMupAcuLDCVZ9FqOT9&sz=w800\" alt=\"Reelei\u00e7\u00e3o 2024\">\r\n      <img decoding=\"async\" src=\"https:\/\/drive.google.com\/thumbnail?id=1UxCELMiWNtuWvtHulxZ0JvWvKyNO0IRx&sz=w800\" alt=\"Reelei\u00e7\u00e3o 2024\">\r\n      <img decoding=\"async\" src=\"https:\/\/drive.google.com\/thumbnail?id=1MOY_Yg3g-4xmgN7hsxYJDEYwA1-f9NBM&sz=w800\" alt=\"Reelei\u00e7\u00e3o 2024\">\r\n      <img decoding=\"async\" src=\"https:\/\/drive.google.com\/thumbnail?id=1H_paAfaIYHvkrC7BHkFeKmdXZgMWMk5B&sz=w800\" alt=\"Reelei\u00e7\u00e3o 2024\">\r\n      <img decoding=\"async\" src=\"https:\/\/drive.google.com\/thumbnail?id=1-5EetupJfg2hukAdmR67s-2muxr2OwYe&sz=w800\" alt=\"Reelei\u00e7\u00e3o 2024\">\r\n      <img decoding=\"async\" src=\"https:\/\/drive.google.com\/thumbnail?id=1XQwXrpguyQElk8veuK4D2m2Ci6HDxIeH&sz=w800\" alt=\"Reelei\u00e7\u00e3o 2024\">\r\n      <img decoding=\"async\" src=\"https:\/\/drive.google.com\/thumbnail?id=1S7ylNOC6ybhnBlE6rATBPPlaMjFj7Dix&sz=w800\" alt=\"Reelei\u00e7\u00e3o 2024\">\r\n      <img decoding=\"async\" src=\"https:\/\/drive.google.com\/thumbnail?id=1_399Dh6IT57J99L9Q6xVg4v2FivPHKu1&sz=w800\" alt=\"Reelei\u00e7\u00e3o 2024\">\r\n      <img decoding=\"async\" src=\"https:\/\/drive.google.com\/thumbnail?id=1QoVeeVa7fwTvw_Kn5wlQi9FM5ZM3XPMc&sz=w800\" alt=\"Reelei\u00e7\u00e3o 2024\">\r\n    <\/div>\r\n  <\/div>\r\n\r\n  <!-- ITEM 15 -->\r\n  <div class=\"sc-timeline-item\">\r\n    <div class=\"sc-timeline-header\"><span class=\"sc-timeline-year\">2025<\/span><\/div>\r\n    <p class=\"sc-timeline-desc\">Assumiu a Secretaria Municipal de Habita\u00e7\u00e3o, a convite do prefeito Ricardo Nunes, para contribuir com o maior programa habitacional da hist\u00f3ria da cidade.<\/p>\r\n    <div class=\"sc-photo-row\">\r\n      <img decoding=\"async\" src=\"https:\/\/drive.google.com\/thumbnail?id=1JTG5ERuyc_UIhmJo_LQN879tSlyaSPUW&sz=w800\" alt=\"SEHAB\">\r\n      <img decoding=\"async\" src=\"https:\/\/drive.google.com\/thumbnail?id=1tyMfJI2c_vHXHR7PRwp_NmuoaFtG75fU&sz=w800\" alt=\"SEHAB\">\r\n      <img decoding=\"async\" src=\"https:\/\/drive.google.com\/thumbnail?id=16kEboEM26HevzMIQQvvXqCv3SIOPmlTu&sz=w800\" alt=\"SEHAB\">\r\n      <img decoding=\"async\" src=\"https:\/\/drive.google.com\/thumbnail?id=1lpFTJZSw5jxrt1Pq2IuxC7v8iqCg3oVF&sz=w800\" alt=\"SEHAB\">\r\n      <img decoding=\"async\" src=\"https:\/\/drive.google.com\/thumbnail?id=1dab0vFSFxGLLF4uZ-AnTecQA6q6FFcPB&sz=w800\" alt=\"SEHAB\">\r\n      <img decoding=\"async\" src=\"https:\/\/drive.google.com\/thumbnail?id=16u4LCxncdEH27082iDHg54gRjrND4AuL&sz=w800\" alt=\"SEHAB\">\r\n      <img decoding=\"async\" src=\"https:\/\/drive.google.com\/thumbnail?id=1_hXaJYNELVpNZ4QBlM-GVEWXpRtj-LpV&sz=w800\" alt=\"SEHAB\">\r\n      <img decoding=\"async\" src=\"https:\/\/drive.google.com\/thumbnail?id=1Logs0Mur8lybeyZ4mvfxgP85p5_wJ6fA&sz=w800\" alt=\"SEHAB\">\r\n      <img decoding=\"async\" src=\"https:\/\/drive.google.com\/thumbnail?id=1ApqMhhgxfh5HmlaRds5UgaMevfsEtAyn&sz=w800\" alt=\"SEHAB\">\r\n      <img decoding=\"async\" src=\"https:\/\/drive.google.com\/thumbnail?id=1NNvFc6GA-wQ0l3WMzInZJkrUfbmOuIu8&sz=w800\" alt=\"SEHAB\">\r\n      <img decoding=\"async\" src=\"https:\/\/drive.google.com\/thumbnail?id=1qUed7cy9n67xRiJCnpXieiOQQdE7XqID&sz=w800\" alt=\"SEHAB\">\r\n    <\/div>\r\n  <\/div>\r\n\r\n<\/div>\t\t\t\t<\/div>\n\t\t\t\t<\/div>\n\t\t\t\t<\/div>\n\t\t","protected":false},"excerpt":{"rendered":"<p>Minha Trajet\u00f3ria Trajet\u00f3ria Filho de nordestinos, Sidney Cruz nasceu e foi criado na regi\u00e3o da Pedreira, na periferia do extremo [&hellip;]<\/p>\n","protected":false},"author":1,"featured_media":0,"parent":0,"menu_order":0,"comment_status":"closed","ping_status":"closed","template":"","meta":{"site-sidebar-layout":"no-sidebar","site-content-layout":"","ast-site-content-layout":"full-width-container","site-content-style":"default","site-sidebar-style":"default","ast-global-header-display":"","ast-banner-title-visibility":"","ast-main-header-display":"","ast-hfb-above-header-display":"","ast-hfb-below-header-display":"","ast-hfb-mobile-header-display":"","site-post-title":"","ast-breadcrumbs-content":"","ast-featured-img":"disabled","footer-sml-layout":"","ast-disable-related-posts":"","theme-transparent-header-meta":"","adv-header-id-meta":"","stick-header-meta":"","header-above-stick-meta":"","header-main-stick-meta":"","header-below-stick-meta":"","astra-migrate-meta-layouts":"default","ast-page-background-enabled":"default","ast-page-background-meta":{"desktop":{"background-color":"var(--ast-global-color-5)","background-image":"","background-repeat":"repeat","background-position":"center center","background-size":"auto","background-attachment":"scroll","background-type":"","background-media":"","overlay-type":"","overlay-color":"","overlay-opacity":"","overlay-gradient":""},"tablet":{"background-color":"","background-image":"","background-repeat":"repeat","background-position":"center center","background-size":"auto","background-attachment":"scroll","background-type":"","background-media":"","overlay-type":"","overlay-color":"","overlay-opacity":"","overlay-gradient":""},"mobile":{"background-color":"","background-image":"","background-repeat":"repeat","background-position":"center center","background-size":"auto","background-attachment":"scroll","background-type":"","background-media":"","overlay-type":"","overlay-color":"","overlay-opacity":"","overlay-gradient":""}},"ast-content-background-meta":{"desktop":{"background-color":"var(--ast-global-color-4)","background-image":"","background-repeat":"repeat","background-position":"center center","background-size":"auto","background-attachment":"scroll","background-type":"","background-media":"","overlay-type":"","overlay-color":"","overlay-opacity":"","overlay-gradient":""},"tablet":{"background-color":"var(--ast-global-color-4)","background-image":"","background-repeat":"repeat","background-position":"center center","background-size":"auto","background-attachment":"scroll","background-type":"","background-media":"","overlay-type":"","overlay-color":"","overlay-opacity":"","overlay-gradient":""},"mobile":{"background-color":"var(--ast-global-color-4)","background-image":"","background-repeat":"repeat","background-position":"center center","background-size":"auto","background-attachment":"scroll","background-type":"","background-media":"","overlay-type":"","overlay-color":"","overlay-opacity":"","overlay-gradient":""}},"footnotes":""},"class_list":["post-151","page","type-page","status-publish","hentry"],"_links":{"self":[{"href":"https:\/\/drsidneycruz.com.br\/index.php?rest_route=\/wp\/v2\/pages\/151","targetHints":{"allow":["GET"]}}],"collection":[{"href":"https:\/\/drsidneycruz.com.br\/index.php?rest_route=\/wp\/v2\/pages"}],"about":[{"href":"https:\/\/drsidneycruz.com.br\/index.php?rest_route=\/wp\/v2\/types\/page"}],"author":[{"embeddable":true,"href":"https:\/\/drsidneycruz.com.br\/index.php?rest_route=\/wp\/v2\/users\/1"}],"replies":[{"embeddable":true,"href":"https:\/\/drsidneycruz.com.br\/index.php?rest_route=%2Fwp%2Fv2%2Fcomments&post=151"}],"version-history":[{"count":22,"href":"https:\/\/drsidneycruz.com.br\/index.php?rest_route=\/wp\/v2\/pages\/151\/revisions"}],"predecessor-version":[{"id":401,"href":"https:\/\/drsidneycruz.com.br\/index.php?rest_route=\/wp\/v2\/pages\/151\/revisions\/401"}],"wp:attachment":[{"href":"https:\/\/drsidneycruz.com.br\/index.php?rest_route=%2Fwp%2Fv2%2Fmedia&parent=151"}],"curies":[{"name":"wp","href":"https:\/\/api.w.org\/{rel}","templated":true}]}}